{"version":"1.0","provider_name":"Anya vil\u00e1ga","provider_url":"https:\/\/anyavilaga.cafeblog.hu","author_name":"moncsi_","author_url":"https:\/\/anyavilaga.cafeblog.hu\/author\/moncsi_-2\/","title":"Az elm\u00falt p\u00e1r nap...","html":"<p style=\"text-align: justify;\"><span style=\"font-family: Verdana; \"><span style=\"font-size: 12px; \">Nos, megpr\u00f3b\u00e1lom \u00f6sszeszedni az elm\u00falt napok t\u00f6rt\u00e9n\u00e9seit.&nbsp;<\/span><\/span><\/p><p style=\"text-align: justify;\"><span style=\"font-family: Verdana; font-size: 12px; \">1. Kellemetlen \u00e9lm\u00e9ny a j\u00e1tsz\u00f3t\u00e9ren: Minden nap \u00fatba ejtj\u00fck a j\u00e1tsz\u00f3teret a gyerk\u0151c\u00f6kkel. A fi\u00fak k\u00f6z\u00f6s programja a hint\u00e1z\u00e1s \u00e9s a hintalovacsk\u00e1z\u00e1s (b\u00e1r itt hintacica \u00e9s hintakutya van :)). \u00c9ppen a j\u00e1t\u00e9k kell\u0151s k\u00f6zep\u00e9n voltunk, mikor meg\u00e9rkezett a j\u00e1tsz\u00f3t\u00e9rre egy anyuka a kisl\u00e1ny\u00e1val \u00e9s a kutyusukkal. Anyuka a kutyust sz\u00e9pen kik\u00f6t\u00f6tte k\u00edv\u00fclr\u0151l a j\u00e1tsz\u00f3t\u00e9r ker\u00edt\u00e9s\u00e9hez, \u00e9s hint\u00e1zni vitte a kisl\u00e1nyt. B\u00e1r ez a j\u00e1tsz\u00f3t\u00e9r is k\u00f6rbe van ker\u00edtve, de alacsony ker\u00edt\u00e9se van, amin a ker\u00edt\u00e9s r\u00fadjai el\u00e9g t\u00e1vol vannak egym\u00e1st\u00f3l. \u00c9ppen Bal\u00e1zzsal fog\u00f3csk\u00e1ztunk, mikor dr\u00e1g\u00e1m figyelmes lett a kuty\u00e1ra - nagyon szereti a kutyusokat, \u00e9s persze, ha megengedik neki, meg is simogatja \u0151ket (\u0151 szavaival \u00e9lve: sim\u00edtja).<\/span><\/p><p style=\"text-align: justify;\"><span style=\"font-family: Verdana; font-size: 12px; \">Mire \u00e9szbe kaptam, m\u00e1r \u00e1t is ny\u00falt a ker\u00edt\u00e9sen, de ez a kutyus nem volt bar\u00e1ts\u00e1gos. \u0150r\u00fclt ugat\u00e1sba kezdett, \u00e9s kis h\u00edj\u00e1n leharapta a fiam kez\u00e9t. Kutyatulajdonos anyuka eln\u00e9z\u00e9st k\u00e9rt, majd hint\u00e1ztatta tov\u00e1bb kisl\u00e1ny\u00e1t. OK., hogy meg kell tanulja Bal\u00e1zs is, hogy semmilyen kutyushoz nem szabad enged\u00e9ly n\u00e9lk\u00fcl k\u00f6zeledni, de mi\u00e9rt kell egy ilyen bar\u00e1ts\u00e1gtalan kuty\u00e1t egy\u00e1ltal\u00e1n \u00fagy kik\u00f6tni a j\u00e1tsz\u00f3t\u00e9r ker\u00edt\u00e9s\u00e9hez, hogy a gyerekek k\u00f6zel ker\u00fcljenek hozz\u00e1! Persze nem csin\u00e1ltam hisztit, mert nem l\u00e1ttam \u00e9rtelm\u00e9t. Szerencs\u00e9re nem esett baja senkinek, \u00e9s nem akartam felf\u00fajni az \u00fcgyet, nehogy Bal\u00e1zs megijedjen. (Mert persze egyed\u00fcl engem t\u00f6rt ki a fr\u00e1sz.) Sz\u00e9pen elmagyar\u00e1ztam neki, hogy mit szabad \u00e9s mit nem, ha kutyus van a k\u00f6zelben, \u00e9s hogy enged\u00e9ly n\u00e9lk\u00fcl nem simogatjuk meg. De ut\u00f3lag gondolkozva az\u00e9rt csak m\u00e9rgel\u0151dtem a helyzeten, ugyanis azok ut\u00e1n, hogy a kutya t\u00e1mad\u00f3lag reag\u00e1lt egy gyerek k\u00f6zeled\u00e9s\u00e9re adott lett volna a k\u00f6vetkezm\u00e9ny: minimum egy dorg\u00e1l\u00e1s a kuty\u00e1nak, hogy nehogy legk\u00f6zelebb is meg akarjon harapni egy kisgyereket. Nos, ez persze nem t\u00f6rt\u00e9nt meg.... Mint kider\u00fclt, a kutya mindig ilyen ellens\u00e9ges... H\u00e1t, rem\u00e9lem nem harap majd meg senkit..., mert persze sz\u00e1jkos\u00e1r nem volt rajta...<\/span><\/p><p style=\"text-align: justify;\"><font class=\"Apple-style-span\" face=\"Verdana\" size=\"3\"><span class=\"Apple-style-span\" style=\"font-size: 12px;\">2. Balga fejjel tegnap gondoltam egyet, \u00e9s bementem v\u00e1s\u00e1rolni. Ahogy bel\u00e9ptem, megb\u00e1ntam, olyan sokan voltak, de enni musz\u00e1j, emberem dolgozik hajnalig stb. H\u00e1t nekiv\u00e1gtunk. 2 perc m\u00falva m\u00e1r el is \u00f6nt\u00f6tt az idegbaj. Sorban \u00e1lltam sz\u00e9pen a k\u00e9t gyerekkel a hentespultn\u00e1l, folyamatosan nyugtatgatva Bal\u00e1zst, hogy ne t\u00fcrelmetlenkedjen, mindj\u00e1rt sorra ker\u00fcl\u00fcnk, megvessz\u00fck a finom husit, \u00e9s gurulunk is tov\u00e1bb a bev\u00e1s\u00e1rl\u00f3kocsival... Na, v\u00e9gre r\u00e1nk ker\u00fcl a sor, mire oldalr\u00f3l bev\u00e1g egy n\u00e9nike, \u00e9s k\u00f6zli, hogy \u0151 el\u0151bb itt volt (persze, hogy nem volt ott el\u0151bb, mert m\u00e1r 20 perce \u00e1lltam ott, \u0151 meg nem volt sehol). Sz\u00f3ltam neki, hogy eln\u00e9z\u00e9st, de mi m\u00e1r r\u00e9g\u00f3ta itt \u00e1llunk a sorban, mire k\u00f6z\u00f6lte, hogy ne hazudjak, \u00e9n m\u00e9g csak most \u00e9rkeztem, mindezt egyre hangosabban kiab\u00e1lva. Minden tiszteletem az id\u0151sek\u00e9, de az\u00e9rt egy kicsit elpattant a c\u00e9rna, \u00e9s megk\u00e9rtem, hogy ha m\u00e1r ilyen kedves, akkor legyen sz\u00edves v\u00e1rja meg, m\u00edg sorra ker\u00fcl. R\u00e1sz\u00f3lt a n\u00e9nire m\u00e9g az elad\u00f3 is, hogy ne hangoskodjon, mire a n\u00e9nike k\u00f6z\u00f6lte: Semmi gond, csak parasztl\u00e1zad\u00e1s van. Nem tudtam, hogy most s\u00edrjak, vagy nevessek. Rem\u00e9lhet\u0151leg \u00e9n is meg\u00f6regszem majd, \u00e9s nyilv\u00e1n \u00e9n is kicsit szenilis leszek, de rem\u00e9lem, hogy nem leszek vil\u00e1ggy\u0171l\u00f6l\u0151, ut\u00e1latos \u00f6regasszony.<\/span><\/font><\/p><p style=\"text-align: justify;\"><font class=\"Apple-style-span\" face=\"Verdana\" size=\"3\"><span class=\"Apple-style-span\" style=\"font-size: 12px;\">3. Siker\u00e9lm\u00e9ny!!! Nagyon szeretek f\u0151zni, de k\u00e9t szaladg\u00e1l\u00f3 gyerk\u0151c mellett n\u00e9ha kicsi neh\u00e9z, ez\u00e9rt ma k\u00fcl\u00f6n \u00f6r\u00fcltem, hogy p\u00e1rom itthon van. Sajtos brokkolikr\u00e9mlevest f\u0151ztem \u00e9s baconos tepsis csirk\u00e9t :), mindkett\u0151t im\u00e1dom. P\u00e1rom k\u00e9rdezte, hogy k\u00e9sz\u00edtem a levest. Nos, ez a leves n\u00e1lam \u00fagy k\u00e9sz\u00fcl, hogy a brokkoli mellett f\u0151z\u00f6k bele egy kis burgony\u00e1t is, h\u00fasleves kock\u00e1t is teszek bele stb. Mire \u0151fels\u00e9ge: krumplit \u00e9s h\u00fasleveskock\u00e1t! Az meg minek. N\u00e1luk (munkahely\u00e9n) a brokkolikr\u00e9mlevesben vegeta van \u00e9s brokkoli meg persze tejsz\u00edn, \u00e9s k\u00e9sz.... Ilyenkor j\u00f6v\u00f6k r\u00e1, hogy jobb szeretek \u00fagy f\u0151zni, ha nincs itthon :), vagy alszik. V\u00e1laszom: Dr\u00e1g\u00e1m, nem megf\u0151zn\u00f6d kell az eb\u00e9det, hanem megenni..., \u00e9s most ha nem haragszol, megk\u00e9rlek, hogy ink\u00e1bb fek\u00fcdj vissza.... Mondanom sem kell, hogy utols\u00f3 cseppig kikanalazta a t\u00e1ny\u00e9rb\u00f3l a levest.... (Szeretem, mikor a pasik okosak....)<\/span><\/font><\/p><p style=\"text-align: justify;\"><font class=\"Apple-style-span\" face=\"Verdana\" size=\"3\"><span class=\"Apple-style-span\" style=\"font-size: 12px;\">Megyek, mert dolog van :), v\u00e1r egy kis vasalnival\u00f3 (h\u00e1tha v\u00e9gzek, mire fel\u00e9brednek a gyerekek).<\/span><\/font><\/p>","type":"rich"}